{"id":19,"date":"2020-11-25T16:28:18","date_gmt":"2020-11-25T15:28:18","guid":{"rendered":"http:\/\/mdg.bergaus.be\/?page_id=19"},"modified":"2026-04-03T23:34:51","modified_gmt":"2026-04-03T21:34:51","slug":"nos-salles","status":"publish","type":"page","link":"https:\/\/moulindugeer.be\/fr\/nos-salles\/","title":{"rendered":"Nos salles"},"content":{"rendered":"\t\t<div data-elementor-type=\"wp-page\" data-elementor-id=\"19\" class=\"elementor elementor-19\" data-elementor-post-type=\"page\">\n\t\t\t\t\t\t<section class=\"elementor-section elementor-top-section elementor-element elementor-element-2754f2b elementor-section-full_width elementor-section-height-default elementor-section-height-default\" data-id=\"2754f2b\" data-element_type=\"section\">\n\t\t\t\t\t\t<div class=\"elementor-container elementor-column-gap-default\">\n\t\t\t\t\t<div class=\"elementor-column elementor-col-100 elementor-top-column elementor-element elementor-element-cec6874\" data-id=\"cec6874\" data-element_type=\"column\">\n\t\t\t<div class=\"elementor-widget-wrap\">\n\t\t\t\t\t\t\t<\/div>\n\t\t<\/div>\n\t\t\t\t\t<\/div>\n\t\t<\/section>\n\t\t\t\t<section class=\"elementor-section elementor-top-section elementor-element elementor-element-a87cc15 elementor-section-boxed elementor-section-height-default elementor-section-height-default\" data-id=\"a87cc15\" data-element_type=\"section\" data-settings=\"{&quot;background_background&quot;:&quot;classic&quot;}\">\n\t\t\t\t\t\t<div class=\"elementor-container elementor-column-gap-default\">\n\t\t\t\t\t<div class=\"elementor-column elementor-col-100 elementor-top-column elementor-element elementor-element-cc0b2ca\" data-id=\"cc0b2ca\" data-element_type=\"column\">\n\t\t\t<div class=\"elementor-widget-wrap elementor-element-populated\">\n\t\t\t\t\t\t<div class=\"elementor-element elementor-element-7521929 elementor-widget elementor-widget-heading\" data-id=\"7521929\" data-element_type=\"widget\" data-widget_type=\"heading.default\">\n\t\t\t\t<div class=\"elementor-widget-container\">\n\t\t\t\t\t<h2 class=\"elementor-heading-title elementor-size-default\">D\u00e9couvrez nos salles<\/h2>\t\t\t\t<\/div>\n\t\t\t\t<\/div>\n\t\t\t\t<div class=\"elementor-element elementor-element-cc88a84 elementor-widget elementor-widget-text-editor\" data-id=\"cc88a84\" data-element_type=\"widget\" data-widget_type=\"text-editor.default\">\n\t\t\t\t<div class=\"elementor-widget-container\">\n\t\t\t\t\t\t\t\t\t<p>Nos 2 salles vous offrent une multitude de possibilit\u00e9s pour vos mariages, \u00e9v\u00e9nements priv\u00e9s et professionnels gr\u00e2ce \u00e0 ses 3 espaces int\u00e9rieurs et \u00e0 sa terrasse avec vue sur la rivi\u00e8re et le ch\u00e2teau. Profitez du cachet de ce lieu class\u00e9, restaur\u00e9 au plus proche de sa b\u00e2tisse d&rsquo;origine pour organiser votre \u00e9v\u00e8nement.<\/p><p><em>Les salles sont libres de traiteur.<\/em><\/p>\t\t\t\t\t\t\t\t<\/div>\n\t\t\t\t<\/div>\n\t\t\t\t<div class=\"elementor-element elementor-element-ab60b89 elementor-widget elementor-widget-image\" data-id=\"ab60b89\" data-element_type=\"widget\" data-widget_type=\"image.default\">\n\t\t\t\t<div class=\"elementor-widget-container\">\n\t\t\t\t\t\t\t\t\t\t\t\t\t\t\t<img fetchpriority=\"high\" decoding=\"async\" width=\"1985\" height=\"695\" src=\"https:\/\/moulindugeer.be\/wp-content\/uploads\/2021\/01\/salle1-0_header.png\" class=\"attachment-full size-full wp-image-1748\" alt=\"\" srcset=\"https:\/\/moulindugeer.be\/wp-content\/uploads\/2021\/01\/salle1-0_header.png 1985w, https:\/\/moulindugeer.be\/wp-content\/uploads\/2021\/01\/salle1-0_header-300x105.png 300w, https:\/\/moulindugeer.be\/wp-content\/uploads\/2021\/01\/salle1-0_header-1024x359.png 1024w, https:\/\/moulindugeer.be\/wp-content\/uploads\/2021\/01\/salle1-0_header-768x269.png 768w, https:\/\/moulindugeer.be\/wp-content\/uploads\/2021\/01\/salle1-0_header-1536x538.png 1536w, https:\/\/moulindugeer.be\/wp-content\/uploads\/2021\/01\/salle1-0_header-16x6.png 16w\" sizes=\"(max-width: 1985px) 100vw, 1985px\" \/>\t\t\t\t\t\t\t\t\t\t\t\t\t\t\t<\/div>\n\t\t\t\t<\/div>\n\t\t\t\t\t<\/div>\n\t\t<\/div>\n\t\t\t\t\t<\/div>\n\t\t<\/section>\n\t\t\t\t<section class=\"elementor-section elementor-top-section elementor-element elementor-element-447ee9a elementor-section-boxed elementor-section-height-default elementor-section-height-default\" data-id=\"447ee9a\" data-element_type=\"section\">\n\t\t\t\t\t\t<div class=\"elementor-container elementor-column-gap-default\">\n\t\t\t\t\t<div class=\"elementor-column elementor-col-100 elementor-top-column elementor-element elementor-element-e34fe59\" data-id=\"e34fe59\" data-element_type=\"column\">\n\t\t\t<div class=\"elementor-widget-wrap elementor-element-populated\">\n\t\t\t\t\t\t<div class=\"elementor-element elementor-element-565bcb5 elementor-widget elementor-widget-spacer\" data-id=\"565bcb5\" data-element_type=\"widget\" data-widget_type=\"spacer.default\">\n\t\t\t\t<div class=\"elementor-widget-container\">\n\t\t\t\t\t\t\t<div class=\"elementor-spacer\">\n\t\t\t<div class=\"elementor-spacer-inner\"><\/div>\n\t\t<\/div>\n\t\t\t\t\t\t<\/div>\n\t\t\t\t<\/div>\n\t\t\t\t\t<\/div>\n\t\t<\/div>\n\t\t\t\t\t<\/div>\n\t\t<\/section>\n\t\t\t\t<section class=\"elementor-section elementor-top-section elementor-element elementor-element-c018a01 elementor-section-full_width elementor-section-height-default elementor-section-height-default\" data-id=\"c018a01\" data-element_type=\"section\" data-settings=\"{&quot;background_background&quot;:&quot;classic&quot;}\">\n\t\t\t\t\t\t<div class=\"elementor-container elementor-column-gap-default\">\n\t\t\t\t\t<div class=\"elementor-column elementor-col-50 elementor-top-column elementor-element elementor-element-68b0738\" data-id=\"68b0738\" data-element_type=\"column\">\n\t\t\t<div class=\"elementor-widget-wrap elementor-element-populated\">\n\t\t\t\t\t\t<div class=\"elementor-element elementor-element-8b03c82 elementor-widget elementor-widget-heading\" data-id=\"8b03c82\" data-element_type=\"widget\" data-widget_type=\"heading.default\">\n\t\t\t\t<div class=\"elementor-widget-container\">\n\t\t\t\t\t<h2 class=\"elementor-heading-title elementor-size-default\">La salle du moulin<\/h2>\t\t\t\t<\/div>\n\t\t\t\t<\/div>\n\t\t\t\t<div class=\"elementor-element elementor-element-2c729ae elementor-widget elementor-widget-text-editor\" data-id=\"2c729ae\" data-element_type=\"widget\" data-widget_type=\"text-editor.default\">\n\t\t\t\t<div class=\"elementor-widget-container\">\n\t\t\t\t\t\t\t\t\t<p>Organisez votre \u00e9v\u00e8nement dans un moulin de 1646 au caract\u00e8re incomparable. Ses hauts plafonds, sa charpente d&rsquo;origine et son espace ext\u00e9rieur donnant sur le Geer et le ch\u00e2teau ne vous laisseront pas indiff\u00e9rent.<\/p>\t\t\t\t\t\t\t\t<\/div>\n\t\t\t\t<\/div>\n\t\t\t\t<div class=\"elementor-element elementor-element-dfaf935 elementor-widget__width-auto elementor-view-default elementor-position-top elementor-mobile-position-top elementor-widget elementor-widget-icon-box\" data-id=\"dfaf935\" data-element_type=\"widget\" data-widget_type=\"icon-box.default\">\n\t\t\t\t<div class=\"elementor-widget-container\">\n\t\t\t\t\t\t\t<div class=\"elementor-icon-box-wrapper\">\n\n\t\t\t\t\t\t<div class=\"elementor-icon-box-icon\">\n\t\t\t\t<span  class=\"elementor-icon\">\n\t\t\t\t<i aria-hidden=\"true\" class=\"fas fa-chair\"><\/i>\t\t\t\t<\/span>\n\t\t\t<\/div>\n\t\t\t\n\t\t\t\t\t\t<div class=\"elementor-icon-box-content\">\n\n\t\t\t\t\t\t\t\t\t<span class=\"elementor-icon-box-title\">\n\t\t\t\t\t\t<span  >\n\t\t\t\t\t\t\t60 personnes\t\t\t\t\t\t<\/span>\n\t\t\t\t\t<\/span>\n\t\t\t\t\n\t\t\t\t\n\t\t\t<\/div>\n\t\t\t\n\t\t<\/div>\n\t\t\t\t\t\t<\/div>\n\t\t\t\t<\/div>\n\t\t\t\t<div class=\"elementor-element elementor-element-d9383db elementor-widget__width-auto elementor-view-default elementor-position-top elementor-mobile-position-top elementor-widget elementor-widget-icon-box\" data-id=\"d9383db\" data-element_type=\"widget\" data-widget_type=\"icon-box.default\">\n\t\t\t\t<div class=\"elementor-widget-container\">\n\t\t\t\t\t\t\t<div class=\"elementor-icon-box-wrapper\">\n\n\t\t\t\t\t\t<div class=\"elementor-icon-box-icon\">\n\t\t\t\t<span  class=\"elementor-icon\">\n\t\t\t\t<i aria-hidden=\"true\" class=\"fas fa-child\"><\/i>\t\t\t\t<\/span>\n\t\t\t<\/div>\n\t\t\t\n\t\t\t\t\t\t<div class=\"elementor-icon-box-content\">\n\n\t\t\t\t\t\t\t\t\t<span class=\"elementor-icon-box-title\">\n\t\t\t\t\t\t<span  >\n\t\t\t\t\t\t\t100 personnes\t\t\t\t\t\t<\/span>\n\t\t\t\t\t<\/span>\n\t\t\t\t\n\t\t\t\t\n\t\t\t<\/div>\n\t\t\t\n\t\t<\/div>\n\t\t\t\t\t\t<\/div>\n\t\t\t\t<\/div>\n\t\t\t\t<div class=\"elementor-element elementor-element-8be6473 elementor-widget elementor-widget-spacer\" data-id=\"8be6473\" data-element_type=\"widget\" data-widget_type=\"spacer.default\">\n\t\t\t\t<div class=\"elementor-widget-container\">\n\t\t\t\t\t\t\t<div class=\"elementor-spacer\">\n\t\t\t<div class=\"elementor-spacer-inner\"><\/div>\n\t\t<\/div>\n\t\t\t\t\t\t<\/div>\n\t\t\t\t<\/div>\n\t\t\t\t\t<\/div>\n\t\t<\/div>\n\t\t\t\t<div class=\"elementor-column elementor-col-50 elementor-top-column elementor-element elementor-element-be55490\" data-id=\"be55490\" data-element_type=\"column\">\n\t\t\t<div class=\"elementor-widget-wrap elementor-element-populated\">\n\t\t\t\t\t\t<div class=\"elementor-element elementor-element-45626c8 elementor-widget elementor-widget-image\" data-id=\"45626c8\" data-element_type=\"widget\" data-widget_type=\"image.default\">\n\t\t\t\t<div class=\"elementor-widget-container\">\n\t\t\t\t\t\t\t\t\t\t\t\t<figure class=\"wp-caption\">\n\t\t\t\t\t\t\t\t\t\t\t<a href=\"https:\/\/moulindugeer.be\/fr\/salle-du-moulin\/\">\n\t\t\t\t\t\t\t<img decoding=\"async\" width=\"1985\" height=\"1325\" src=\"https:\/\/moulindugeer.be\/wp-content\/uploads\/2021\/01\/salle1-0.png\" class=\"attachment-full size-full wp-image-1657\" alt=\"\" srcset=\"https:\/\/moulindugeer.be\/wp-content\/uploads\/2021\/01\/salle1-0.png 1985w, https:\/\/moulindugeer.be\/wp-content\/uploads\/2021\/01\/salle1-0-300x200.png 300w, https:\/\/moulindugeer.be\/wp-content\/uploads\/2021\/01\/salle1-0-1024x684.png 1024w, https:\/\/moulindugeer.be\/wp-content\/uploads\/2021\/01\/salle1-0-768x513.png 768w, https:\/\/moulindugeer.be\/wp-content\/uploads\/2021\/01\/salle1-0-1536x1025.png 1536w, https:\/\/moulindugeer.be\/wp-content\/uploads\/2021\/01\/salle1-0-16x12.png 16w\" sizes=\"(max-width: 1985px) 100vw, 1985px\" \/>\t\t\t\t\t\t\t\t<\/a>\n\t\t\t\t\t\t\t\t\t\t\t<figcaption class=\"widget-image-caption wp-caption-text\">- cliquer sur la photo pour acc\u00e9der \u00e0 la galerie de photos -<\/figcaption>\n\t\t\t\t\t\t\t\t\t\t<\/figure>\n\t\t\t\t\t\t\t\t\t<\/div>\n\t\t\t\t<\/div>\n\t\t\t\t\t<\/div>\n\t\t<\/div>\n\t\t\t\t\t<\/div>\n\t\t<\/section>\n\t\t\t\t<section class=\"elementor-section elementor-top-section elementor-element elementor-element-ec1ed36 elementor-section-full_width elementor-section-height-default elementor-section-height-default\" data-id=\"ec1ed36\" data-element_type=\"section\" data-settings=\"{&quot;background_background&quot;:&quot;classic&quot;}\">\n\t\t\t\t\t\t<div class=\"elementor-container elementor-column-gap-default\">\n\t\t\t\t\t<div class=\"elementor-column elementor-col-50 elementor-top-column elementor-element elementor-element-313febb\" data-id=\"313febb\" data-element_type=\"column\">\n\t\t\t<div class=\"elementor-widget-wrap elementor-element-populated\">\n\t\t\t\t\t\t<div class=\"elementor-element elementor-element-d7077be elementor-widget elementor-widget-image\" data-id=\"d7077be\" data-element_type=\"widget\" data-widget_type=\"image.default\">\n\t\t\t\t<div class=\"elementor-widget-container\">\n\t\t\t\t\t\t\t\t\t\t\t\t<figure class=\"wp-caption\">\n\t\t\t\t\t\t\t\t\t\t\t<a href=\"https:\/\/moulindugeer.be\/fr\/salle-a-manger\/\">\n\t\t\t\t\t\t\t<img decoding=\"async\" width=\"1280\" height=\"854\" src=\"https:\/\/moulindugeer.be\/wp-content\/uploads\/2025\/08\/MOULINCASTRAL-279-copie.jpg\" class=\"attachment-full size-full wp-image-3855\" alt=\"\" srcset=\"https:\/\/moulindugeer.be\/wp-content\/uploads\/2025\/08\/MOULINCASTRAL-279-copie.jpg 1280w, https:\/\/moulindugeer.be\/wp-content\/uploads\/2025\/08\/MOULINCASTRAL-279-copie-300x200.jpg 300w, https:\/\/moulindugeer.be\/wp-content\/uploads\/2025\/08\/MOULINCASTRAL-279-copie-1024x683.jpg 1024w, https:\/\/moulindugeer.be\/wp-content\/uploads\/2025\/08\/MOULINCASTRAL-279-copie-768x512.jpg 768w, https:\/\/moulindugeer.be\/wp-content\/uploads\/2025\/08\/MOULINCASTRAL-279-copie-18x12.jpg 18w\" sizes=\"(max-width: 1280px) 100vw, 1280px\" \/>\t\t\t\t\t\t\t\t<\/a>\n\t\t\t\t\t\t\t\t\t\t\t<figcaption class=\"widget-image-caption wp-caption-text\">- cliquer sur la photo pour acc\u00e9der \u00e0 la galerie de photos -<\/figcaption>\n\t\t\t\t\t\t\t\t\t\t<\/figure>\n\t\t\t\t\t\t\t\t\t<\/div>\n\t\t\t\t<\/div>\n\t\t\t\t\t<\/div>\n\t\t<\/div>\n\t\t\t\t<div class=\"elementor-column elementor-col-50 elementor-top-column elementor-element elementor-element-83dd69d\" data-id=\"83dd69d\" data-element_type=\"column\">\n\t\t\t<div class=\"elementor-widget-wrap elementor-element-populated\">\n\t\t\t\t\t\t<div class=\"elementor-element elementor-element-f24ac31 elementor-widget elementor-widget-heading\" data-id=\"f24ac31\" data-element_type=\"widget\" data-widget_type=\"heading.default\">\n\t\t\t\t<div class=\"elementor-widget-container\">\n\t\t\t\t\t<h2 class=\"elementor-heading-title elementor-size-default\">La salle \u00e0 manger <br>&amp; <br>Le Bistrot du moulin castral<\/h2>\t\t\t\t<\/div>\n\t\t\t\t<\/div>\n\t\t\t\t<div class=\"elementor-element elementor-element-8b5b7a6 elementor-widget elementor-widget-text-editor\" data-id=\"8b5b7a6\" data-element_type=\"widget\" data-widget_type=\"text-editor.default\">\n\t\t\t\t<div class=\"elementor-widget-container\">\n\t\t\t\t\t\t\t\t\t<p>Tout fra\u00eechement r\u00e9nov\u00e9e, cette salle lumineuse pouvant accueillir <span style=\"font-size: 1rem; font-style: var( --e-global-typography-text-font-style );\">une trentaine de<\/span><span style=\"font-style: var( --e-global-typography-text-font-style ); font-size: 1rem;\">&nbsp;personnes est id\u00e9ale pour vos \u00e9v\u00e8nements en petit comit\u00e9 ou servir de salle \u00e0 manger commune en cas de <\/span><span style=\"font-style: var( --e-global-typography-text-font-style ); font-size: 1rem;\">r\u00e9servation<\/span><span style=\"font-style: var( --e-global-typography-text-font-style ); font-size: 1rem;\">&nbsp;des 3 g\u00eetes; \u00e0&nbsp;<\/span><span style=\"font-size: 1rem; font-style: var( --e-global-typography-text-font-style );\">r\u00e9server sur demande pour v\u00e9rification de l&rsquo;agendas.<\/span><\/p>\n<p><span style=\"font-size: 1rem;\"><i><br><\/i><\/span><\/p>\n<p>Le Bistrot du moulin castral s&rsquo;y tient tous les dimanches de 11h \u00e0 18h&nbsp;<span style=\"caret-color: #393a41; color: #393a41; font-family: Lora, Helvetica, sans-serif; text-align: start; background-color: #fefefe; font-style: var( --e-global-typography-text-font-style ); font-size: 1rem;\">dans un esprit familiale et de convivialit\u00e9 avec une carte de suggestions en mettant un point d&rsquo;honneur sur les produits r\u00e9gionaux (pour toute r\u00e9servation, contactez le traiteur David GILLON au&nbsp;<\/span><span style=\"font-style: var( --e-global-typography-text-font-style ); font-size: 1rem;\">\u202d0493\/50 80 12\u202c).<\/span><\/p>\t\t\t\t\t\t\t\t<\/div>\n\t\t\t\t<\/div>\n\t\t\t\t<div class=\"elementor-element elementor-element-b2ac6c5 elementor-widget__width-auto elementor-view-default elementor-position-top elementor-mobile-position-top elementor-widget elementor-widget-icon-box\" data-id=\"b2ac6c5\" data-element_type=\"widget\" data-widget_type=\"icon-box.default\">\n\t\t\t\t<div class=\"elementor-widget-container\">\n\t\t\t\t\t\t\t<div class=\"elementor-icon-box-wrapper\">\n\n\t\t\t\t\t\t<div class=\"elementor-icon-box-icon\">\n\t\t\t\t<span  class=\"elementor-icon\">\n\t\t\t\t<i aria-hidden=\"true\" class=\"fas fa-chair\"><\/i>\t\t\t\t<\/span>\n\t\t\t<\/div>\n\t\t\t\n\t\t\t\t\t\t<div class=\"elementor-icon-box-content\">\n\n\t\t\t\t\t\t\t\t\t<span class=\"elementor-icon-box-title\">\n\t\t\t\t\t\t<span  >\n\t\t\t\t\t\t\t30 personnes\t\t\t\t\t\t<\/span>\n\t\t\t\t\t<\/span>\n\t\t\t\t\n\t\t\t\t\n\t\t\t<\/div>\n\t\t\t\n\t\t<\/div>\n\t\t\t\t\t\t<\/div>\n\t\t\t\t<\/div>\n\t\t\t\t<div class=\"elementor-element elementor-element-5600a26 elementor-widget__width-auto elementor-view-default elementor-position-top elementor-mobile-position-top elementor-widget elementor-widget-icon-box\" data-id=\"5600a26\" data-element_type=\"widget\" data-widget_type=\"icon-box.default\">\n\t\t\t\t<div class=\"elementor-widget-container\">\n\t\t\t\t\t\t\t<div class=\"elementor-icon-box-wrapper\">\n\n\t\t\t\t\t\t<div class=\"elementor-icon-box-icon\">\n\t\t\t\t<span  class=\"elementor-icon\">\n\t\t\t\t<i aria-hidden=\"true\" class=\"fas fa-child\"><\/i>\t\t\t\t<\/span>\n\t\t\t<\/div>\n\t\t\t\n\t\t\t\t\t\t<div class=\"elementor-icon-box-content\">\n\n\t\t\t\t\t\t\t\t\t<span class=\"elementor-icon-box-title\">\n\t\t\t\t\t\t<span  >\n\t\t\t\t\t\t\t30 personnes\t\t\t\t\t\t<\/span>\n\t\t\t\t\t<\/span>\n\t\t\t\t\n\t\t\t\t\n\t\t\t<\/div>\n\t\t\t\n\t\t<\/div>\n\t\t\t\t\t\t<\/div>\n\t\t\t\t<\/div>\n\t\t\t\t<div class=\"elementor-element elementor-element-35572ed elementor-widget elementor-widget-spacer\" data-id=\"35572ed\" data-element_type=\"widget\" data-widget_type=\"spacer.default\">\n\t\t\t\t<div class=\"elementor-widget-container\">\n\t\t\t\t\t\t\t<div class=\"elementor-spacer\">\n\t\t\t<div class=\"elementor-spacer-inner\"><\/div>\n\t\t<\/div>\n\t\t\t\t\t\t<\/div>\n\t\t\t\t<\/div>\n\t\t\t\t\t<\/div>\n\t\t<\/div>\n\t\t\t\t\t<\/div>\n\t\t<\/section>\n\t\t\t\t<section class=\"elementor-section elementor-top-section elementor-element elementor-element-3824c86 elementor-section-boxed elementor-section-height-default elementor-section-height-default\" data-id=\"3824c86\" data-element_type=\"section\">\n\t\t\t\t\t\t<div class=\"elementor-container elementor-column-gap-default\">\n\t\t\t\t\t<div class=\"elementor-column elementor-col-100 elementor-top-column elementor-element elementor-element-3ff0f3a\" data-id=\"3ff0f3a\" data-element_type=\"column\">\n\t\t\t<div class=\"elementor-widget-wrap elementor-element-populated\">\n\t\t\t\t\t\t<div class=\"elementor-element elementor-element-5914dbd elementor-widget elementor-widget-spacer\" data-id=\"5914dbd\" data-element_type=\"widget\" data-widget_type=\"spacer.default\">\n\t\t\t\t<div class=\"elementor-widget-container\">\n\t\t\t\t\t\t\t<div class=\"elementor-spacer\">\n\t\t\t<div class=\"elementor-spacer-inner\"><\/div>\n\t\t<\/div>\n\t\t\t\t\t\t<\/div>\n\t\t\t\t<\/div>\n\t\t\t\t\t<\/div>\n\t\t<\/div>\n\t\t\t\t\t<\/div>\n\t\t<\/section>\n\t\t\t\t<section class=\"elementor-section elementor-top-section elementor-element elementor-element-f6db880 elementor-section-boxed elementor-section-height-default elementor-section-height-default\" data-id=\"f6db880\" data-element_type=\"section\">\n\t\t\t\t\t\t<div class=\"elementor-container elementor-column-gap-default\">\n\t\t\t\t\t<div class=\"elementor-column elementor-col-100 elementor-top-column elementor-element elementor-element-75bf5f5\" data-id=\"75bf5f5\" data-element_type=\"column\">\n\t\t\t<div class=\"elementor-widget-wrap\">\n\t\t\t\t\t\t\t<\/div>\n\t\t<\/div>\n\t\t\t\t\t<\/div>\n\t\t<\/section>\n\t\t\t\t<\/div>\n\t\t","protected":false},"excerpt":{"rendered":"<p>D\u00e9couvrez nos salles Nos 2 salles vous offrent une multitude de possibilit\u00e9s pour vos mariages, \u00e9v\u00e9nements priv\u00e9s et professionnels gr\u00e2ce \u00e0 ses 3 espaces int\u00e9rieurs et \u00e0 sa terrasse avec vue sur la rivi\u00e8re et le ch\u00e2teau. Profitez du cachet de ce lieu class\u00e9, restaur\u00e9 au plus proche de sa b\u00e2tisse d&rsquo;origine pour organiser votre [&hellip;]<\/p>\n","protected":false},"author":1,"featured_media":0,"parent":0,"menu_order":0,"comment_status":"closed","ping_status":"closed","template":"","meta":{"footnotes":""},"class_list":["post-19","page","type-page","status-publish","hentry"],"yoast_head":"<!-- This site is optimized with the Yoast SEO plugin v26.5 - https:\/\/yoast.com\/wordpress\/plugins\/seo\/ -->\n<title>Nos salles - Moulin castral de Hollogne-sur-Geer<\/title>\n<meta name=\"robots\" content=\"index, follow, max-snippet:-1, max-image-preview:large, max-video-preview:-1\" \/>\n<link rel=\"canonical\" href=\"https:\/\/moulindugeer.be\/fr\/nos-salles\/\" \/>\n<meta property=\"og:locale\" content=\"fr_FR\" \/>\n<meta property=\"og:type\" content=\"article\" \/>\n<meta property=\"og:title\" content=\"Nos salles - Moulin castral de Hollogne-sur-Geer\" \/>\n<meta property=\"og:description\" content=\"D\u00e9couvrez nos salles Nos 2 salles vous offrent une multitude de possibilit\u00e9s pour vos mariages, \u00e9v\u00e9nements priv\u00e9s et professionnels gr\u00e2ce \u00e0 ses 3 espaces int\u00e9rieurs et \u00e0 sa terrasse avec vue sur la rivi\u00e8re et le ch\u00e2teau. Profitez du cachet de ce lieu class\u00e9, restaur\u00e9 au plus proche de sa b\u00e2tisse d&rsquo;origine pour organiser votre [&hellip;]\" \/>\n<meta property=\"og:url\" content=\"https:\/\/moulindugeer.be\/fr\/nos-salles\/\" \/>\n<meta property=\"og:site_name\" content=\"Moulin castral de Hollogne-sur-Geer\" \/>\n<meta property=\"article:publisher\" content=\"https:\/\/www.facebook.com\/moulincastraldehollognesurgeer\" \/>\n<meta property=\"article:modified_time\" content=\"2026-04-03T21:34:51+00:00\" \/>\n<meta property=\"og:image\" content=\"http:\/\/moulindugeer.be\/wp-content\/uploads\/2021\/01\/salle1-0_header.png\" \/>\n<meta name=\"twitter:card\" content=\"summary_large_image\" \/>\n<meta name=\"twitter:label1\" content=\"Dur\u00e9e de lecture est.\" \/>\n\t<meta name=\"twitter:data1\" content=\"2 minutes\" \/>\n<script type=\"application\/ld+json\" class=\"yoast-schema-graph\">{\"@context\":\"https:\/\/schema.org\",\"@graph\":[{\"@type\":\"WebPage\",\"@id\":\"https:\/\/moulindugeer.be\/fr\/nos-salles\/\",\"url\":\"https:\/\/moulindugeer.be\/fr\/nos-salles\/\",\"name\":\"Nos salles - Moulin castral de Hollogne-sur-Geer\",\"isPartOf\":{\"@id\":\"https:\/\/moulindugeer.be\/fr\/#website\"},\"primaryImageOfPage\":{\"@id\":\"https:\/\/moulindugeer.be\/fr\/nos-salles\/#primaryimage\"},\"image\":{\"@id\":\"https:\/\/moulindugeer.be\/fr\/nos-salles\/#primaryimage\"},\"thumbnailUrl\":\"http:\/\/moulindugeer.be\/wp-content\/uploads\/2021\/01\/salle1-0_header.png\",\"datePublished\":\"2020-11-25T15:28:18+00:00\",\"dateModified\":\"2026-04-03T21:34:51+00:00\",\"breadcrumb\":{\"@id\":\"https:\/\/moulindugeer.be\/fr\/nos-salles\/#breadcrumb\"},\"inLanguage\":\"fr-BE\",\"potentialAction\":[{\"@type\":\"ReadAction\",\"target\":[\"https:\/\/moulindugeer.be\/fr\/nos-salles\/\"]}]},{\"@type\":\"ImageObject\",\"inLanguage\":\"fr-BE\",\"@id\":\"https:\/\/moulindugeer.be\/fr\/nos-salles\/#primaryimage\",\"url\":\"http:\/\/moulindugeer.be\/wp-content\/uploads\/2021\/01\/salle1-0_header.png\",\"contentUrl\":\"http:\/\/moulindugeer.be\/wp-content\/uploads\/2021\/01\/salle1-0_header.png\"},{\"@type\":\"BreadcrumbList\",\"@id\":\"https:\/\/moulindugeer.be\/fr\/nos-salles\/#breadcrumb\",\"itemListElement\":[{\"@type\":\"ListItem\",\"position\":1,\"name\":\"Accueil\",\"item\":\"https:\/\/moulindugeer.be\/fr\/\"},{\"@type\":\"ListItem\",\"position\":2,\"name\":\"Nos salles\"}]},{\"@type\":\"WebSite\",\"@id\":\"https:\/\/moulindugeer.be\/fr\/#website\",\"url\":\"https:\/\/moulindugeer.be\/fr\/\",\"name\":\"Moulin castral de Hollogne-sur-Geer\",\"description\":\"\",\"publisher\":{\"@id\":\"https:\/\/moulindugeer.be\/fr\/#organization\"},\"potentialAction\":[{\"@type\":\"SearchAction\",\"target\":{\"@type\":\"EntryPoint\",\"urlTemplate\":\"https:\/\/moulindugeer.be\/fr\/?s={search_term_string}\"},\"query-input\":{\"@type\":\"PropertyValueSpecification\",\"valueRequired\":true,\"valueName\":\"search_term_string\"}}],\"inLanguage\":\"fr-BE\"},{\"@type\":\"Organization\",\"@id\":\"https:\/\/moulindugeer.be\/fr\/#organization\",\"name\":\"Moulin castral de Hollogne-sur-Geer\",\"url\":\"https:\/\/moulindugeer.be\/fr\/\",\"logo\":{\"@type\":\"ImageObject\",\"inLanguage\":\"fr-BE\",\"@id\":\"https:\/\/moulindugeer.be\/fr\/#\/schema\/logo\/image\/\",\"url\":\"http:\/\/moulindugeer.be\/wp-content\/uploads\/2020\/11\/logo-titre.png\",\"contentUrl\":\"http:\/\/moulindugeer.be\/wp-content\/uploads\/2020\/11\/logo-titre.png\",\"width\":1236,\"height\":311,\"caption\":\"Moulin castral de Hollogne-sur-Geer\"},\"image\":{\"@id\":\"https:\/\/moulindugeer.be\/fr\/#\/schema\/logo\/image\/\"},\"sameAs\":[\"https:\/\/www.facebook.com\/moulincastraldehollognesurgeer\"]}]}<\/script>\n<!-- \/ Yoast SEO plugin. -->","yoast_head_json":{"title":"Nos salles - Moulin castral de Hollogne-sur-Geer","robots":{"index":"index","follow":"follow","max-snippet":"max-snippet:-1","max-image-preview":"max-image-preview:large","max-video-preview":"max-video-preview:-1"},"canonical":"https:\/\/moulindugeer.be\/fr\/nos-salles\/","og_locale":"fr_FR","og_type":"article","og_title":"Nos salles - Moulin castral de Hollogne-sur-Geer","og_description":"D\u00e9couvrez nos salles Nos 2 salles vous offrent une multitude de possibilit\u00e9s pour vos mariages, \u00e9v\u00e9nements priv\u00e9s et professionnels gr\u00e2ce \u00e0 ses 3 espaces int\u00e9rieurs et \u00e0 sa terrasse avec vue sur la rivi\u00e8re et le ch\u00e2teau. Profitez du cachet de ce lieu class\u00e9, restaur\u00e9 au plus proche de sa b\u00e2tisse d&rsquo;origine pour organiser votre [&hellip;]","og_url":"https:\/\/moulindugeer.be\/fr\/nos-salles\/","og_site_name":"Moulin castral de Hollogne-sur-Geer","article_publisher":"https:\/\/www.facebook.com\/moulincastraldehollognesurgeer","article_modified_time":"2026-04-03T21:34:51+00:00","og_image":[{"url":"http:\/\/moulindugeer.be\/wp-content\/uploads\/2021\/01\/salle1-0_header.png","type":"","width":"","height":""}],"twitter_card":"summary_large_image","twitter_misc":{"Dur\u00e9e de lecture est.":"2 minutes"},"schema":{"@context":"https:\/\/schema.org","@graph":[{"@type":"WebPage","@id":"https:\/\/moulindugeer.be\/fr\/nos-salles\/","url":"https:\/\/moulindugeer.be\/fr\/nos-salles\/","name":"Nos salles - Moulin castral de Hollogne-sur-Geer","isPartOf":{"@id":"https:\/\/moulindugeer.be\/fr\/#website"},"primaryImageOfPage":{"@id":"https:\/\/moulindugeer.be\/fr\/nos-salles\/#primaryimage"},"image":{"@id":"https:\/\/moulindugeer.be\/fr\/nos-salles\/#primaryimage"},"thumbnailUrl":"http:\/\/moulindugeer.be\/wp-content\/uploads\/2021\/01\/salle1-0_header.png","datePublished":"2020-11-25T15:28:18+00:00","dateModified":"2026-04-03T21:34:51+00:00","breadcrumb":{"@id":"https:\/\/moulindugeer.be\/fr\/nos-salles\/#breadcrumb"},"inLanguage":"fr-BE","potentialAction":[{"@type":"ReadAction","target":["https:\/\/moulindugeer.be\/fr\/nos-salles\/"]}]},{"@type":"ImageObject","inLanguage":"fr-BE","@id":"https:\/\/moulindugeer.be\/fr\/nos-salles\/#primaryimage","url":"http:\/\/moulindugeer.be\/wp-content\/uploads\/2021\/01\/salle1-0_header.png","contentUrl":"http:\/\/moulindugeer.be\/wp-content\/uploads\/2021\/01\/salle1-0_header.png"},{"@type":"BreadcrumbList","@id":"https:\/\/moulindugeer.be\/fr\/nos-salles\/#breadcrumb","itemListElement":[{"@type":"ListItem","position":1,"name":"Accueil","item":"https:\/\/moulindugeer.be\/fr\/"},{"@type":"ListItem","position":2,"name":"Nos salles"}]},{"@type":"WebSite","@id":"https:\/\/moulindugeer.be\/fr\/#website","url":"https:\/\/moulindugeer.be\/fr\/","name":"Moulin castral de Hollogne-sur-Geer","description":"","publisher":{"@id":"https:\/\/moulindugeer.be\/fr\/#organization"},"potentialAction":[{"@type":"SearchAction","target":{"@type":"EntryPoint","urlTemplate":"https:\/\/moulindugeer.be\/fr\/?s={search_term_string}"},"query-input":{"@type":"PropertyValueSpecification","valueRequired":true,"valueName":"search_term_string"}}],"inLanguage":"fr-BE"},{"@type":"Organization","@id":"https:\/\/moulindugeer.be\/fr\/#organization","name":"Moulin castral de Hollogne-sur-Geer","url":"https:\/\/moulindugeer.be\/fr\/","logo":{"@type":"ImageObject","inLanguage":"fr-BE","@id":"https:\/\/moulindugeer.be\/fr\/#\/schema\/logo\/image\/","url":"http:\/\/moulindugeer.be\/wp-content\/uploads\/2020\/11\/logo-titre.png","contentUrl":"http:\/\/moulindugeer.be\/wp-content\/uploads\/2020\/11\/logo-titre.png","width":1236,"height":311,"caption":"Moulin castral de Hollogne-sur-Geer"},"image":{"@id":"https:\/\/moulindugeer.be\/fr\/#\/schema\/logo\/image\/"},"sameAs":["https:\/\/www.facebook.com\/moulincastraldehollognesurgeer"]}]}},"_links":{"self":[{"href":"https:\/\/moulindugeer.be\/fr\/wp-json\/wp\/v2\/pages\/19","targetHints":{"allow":["GET"]}}],"collection":[{"href":"https:\/\/moulindugeer.be\/fr\/wp-json\/wp\/v2\/pages"}],"about":[{"href":"https:\/\/moulindugeer.be\/fr\/wp-json\/wp\/v2\/types\/page"}],"author":[{"embeddable":true,"href":"https:\/\/moulindugeer.be\/fr\/wp-json\/wp\/v2\/users\/1"}],"replies":[{"embeddable":true,"href":"https:\/\/moulindugeer.be\/fr\/wp-json\/wp\/v2\/comments?post=19"}],"version-history":[{"count":355,"href":"https:\/\/moulindugeer.be\/fr\/wp-json\/wp\/v2\/pages\/19\/revisions"}],"predecessor-version":[{"id":4228,"href":"https:\/\/moulindugeer.be\/fr\/wp-json\/wp\/v2\/pages\/19\/revisions\/4228"}],"wp:attachment":[{"href":"https:\/\/moulindugeer.be\/fr\/wp-json\/wp\/v2\/media?parent=19"}],"curies":[{"name":"wp","href":"https:\/\/api.w.org\/{rel}","templated":true}]}}